{"id":3517,"date":"2026-09-03T20:21:35","date_gmt":"2026-09-03T23:21:35","guid":{"rendered":"https:\/\/iesparana-ers.infd.edu.ar\/sitio\/?page_id=3517"},"modified":"2026-09-03T20:25:49","modified_gmt":"2026-09-03T23:25:49","slug":"formulario-de-baja-a-inscripcion-de-mesa-evaluadora-extraordinaria-septiembre-2026","status":"publish","type":"page","link":"https:\/\/iesparana-ers.infd.edu.ar\/sitio\/formulario-de-baja-a-inscripcion-de-mesa-evaluadora-extraordinaria-septiembre-2026\/","title":{"rendered":"Formulario de Baja a Inscripci\u00f3n de Mesa Evaluadora Extraordinaria Septiembre 2026"},"content":{"rendered":"\n<p>La Secretar\u00eda Acad\u00e9mica del Instituto de Educaci\u00f3n Superior de Paran\u00e1, comparte el formulario para la baja a la inscripci\u00f3n de las Mesas Evaluadoras Extraordinarias del turno Septiembre 2026. La baja se debe confirmar hasta 24hs antes de la mesa para ser v\u00e1lida. <\/p>\n\n\n\n<p><a href=\"https:\/\/docs.google.com\/forms\/d\/e\/1FAIpQLSeA1-yW2P3J2Eoz68fqQ-5-GczJ9_VN3a3nFjoQeps3dCFqIA\/viewform?usp=sharing&amp;ouid=102589130837128480648\" target=\"_blank\" rel=\"noreferrer noopener\">Formulario de Baja<\/a><\/p>\n\n\n\n<p>Adjuntamos el cronograma definitivo de las Mesas Evaluadoras<\/p>\n\n\n\n<p><a href=\"https:\/\/iesparana-ers.infd.edu.ar\/sitio\/wp-content\/uploads\/2026\/09\/MESAS-EVALUADORAS-EXTRAORDINARIAS-DEF_-SEPTIEMBRE-2026_IESP-2.pdf\" target=\"_blank\" rel=\"noreferrer noopener\">CRONOGRAMA DE MESAS SEPTIEMBRE 2026<\/a><\/p>\n","protected":false},"excerpt":{"rendered":"<p>La Secretar\u00eda Acad\u00e9mica del Instituto de Educaci\u00f3n Superior de Paran\u00e1, comparte el formulario para la baja a la inscripci\u00f3n de las Mesas Evaluadoras Extraordinarias del turno Septiembre 2026. La baja se debe confirmar hasta 24hs antes de la mesa para ser v\u00e1lida. Formulario de Baja Adjuntamos el cronograma definitivo de las Mesas Evaluadoras CRONOGRAMA DE &#8230; <a title=\"Formulario de Baja a Inscripci\u00f3n de Mesa Evaluadora Extraordinaria Septiembre 2026\" class=\"read-more\" href=\"https:\/\/iesparana-ers.infd.edu.ar\/sitio\/formulario-de-baja-a-inscripcion-de-mesa-evaluadora-extraordinaria-septiembre-2026\/\" aria-label=\"More on Formulario de Baja a Inscripci\u00f3n de Mesa Evaluadora Extraordinaria Septiembre 2026\">[+]<\/a><\/p>\n","protected":false},"author":2327,"featured_media":0,"parent":0,"menu_order":0,"comment_status":"closed","ping_status":"closed","template":"","meta":[],"acf":[],"_links":{"self":[{"href":"https:\/\/iesparana-ers.infd.edu.ar\/sitio\/wp-json\/wp\/v2\/pages\/3517"}],"collection":[{"href":"https:\/\/iesparana-ers.infd.edu.ar\/sitio\/wp-json\/wp\/v2\/pages"}],"about":[{"href":"https:\/\/iesparana-ers.infd.edu.ar\/sitio\/wp-json\/wp\/v2\/types\/page"}],"author":[{"embeddable":true,"href":"https:\/\/iesparana-ers.infd.edu.ar\/sitio\/wp-json\/wp\/v2\/users\/2327"}],"replies":[{"embeddable":true,"href":"https:\/\/iesparana-ers.infd.edu.ar\/sitio\/wp-json\/wp\/v2\/comments?post=3517"}],"version-history":[{"count":2,"href":"https:\/\/iesparana-ers.infd.edu.ar\/sitio\/wp-json\/wp\/v2\/pages\/3517\/revisions"}],"predecessor-version":[{"id":3519,"href":"https:\/\/iesparana-ers.infd.edu.ar\/sitio\/wp-json\/wp\/v2\/pages\/3517\/revisions\/3519"}],"wp:attachment":[{"href":"https:\/\/iesparana-ers.infd.edu.ar\/sitio\/wp-json\/wp\/v2\/media?parent=3517"}],"curies":[{"name":"wp","href":"https:\/\/api.w.org\/{rel}","templated":true}]}}